{"id":1648,"date":"2016-02-07T00:55:09","date_gmt":"2016-02-06T23:55:09","guid":{"rendered":"http:\/\/www.creastro.fr\/WP\/?page_id=1648"},"modified":"2018-09-22T11:37:52","modified_gmt":"2018-09-22T10:37:52","slug":"precession-des-equinoxes","status":"publish","type":"page","link":"https:\/\/www.creastro.fr\/WP\/precession-des-equinoxes\/","title":{"rendered":"Pr\u00e9cession des \u00e9quinoxes"},"content":{"rendered":"<h5>La pr\u00e9cession des \u00e9quinoxes est un ph\u00e9nom\u00e8ne tr\u00e8s important, dont l&rsquo;origine a \u00e9t\u00e9 mise en lumi\u00e8re par Newton (1643-1727). Les forces, exerc\u00e9es sur le bourelet \u00e9quatorial terrestre, occasionnent des variations dans l&rsquo;axe de rotation de la Terre et subs\u00e9quemment sur l&rsquo;angle que fait l&rsquo;\u00e9quateur avec l&rsquo;\u00e9cliptique. Ceci a pour r\u00e9sultat l&rsquo;avance du moment de l&rsquo;\u00e9quinoxe, tous les ans, d&rsquo;environ 50,39&Prime; par rapport \u00e0 l&rsquo;ann\u00e9e pass\u00e9e. L&rsquo;\u00e9quateur c\u00e9leste croise le plan de l&rsquo;\u00e9cliptique 50,39&Prime; avant le moment auquel il l&rsquo;avait crois\u00e9e l&rsquo;ann\u00e9e pr\u00e9c\u00e9dente, \u00e0 l&rsquo;\u00e9quinoxe d&rsquo;automne comme \u00e0 celle de printemps. En g\u00e9n\u00e9ral on prend pour rep\u00e8re du ph\u00e9nom\u00e8ne de pr\u00e9cession le point vernal, ou point gamma, de l&rsquo;\u00e9quinoxe de printemps, pour simplifier les choses.<\/h5>\n<h5 style=\"margin-top:10px;\">Pour l&rsquo;astrologue ce mouvement de pr\u00e9cession des \u00e9quinoxes m\u00e9rite d&rsquo;\u00eatre m\u00e9dit\u00e9 car, et c&rsquo;est l\u00e0 que les choses se compliquent, il y a 2 000 ans, au moment de l&rsquo;\u00e9quinoxe de printemps, le point vernal se situait dans la constellation du B\u00e9lier et le Soleil rentrait donc dans cette constellation le 21 mars. Maintenant le point vernal s&rsquo;est d\u00e9cal\u00e9 de 29\u00b0 par rapport aux constellations et l&rsquo;\u00e9quinoxe de printemps se situe \u00e0 la fin de la constellation des Poissons. Le 21 mars le Soleil appara\u00eet donc dans les Poissons. Or, pour l&rsquo;astrologue, le 21 mars marque l&rsquo;arriv\u00e9e du Soleil dans le signe du B\u00e9lier, c&rsquo;est le premier jour du B\u00e9lier.<\/h5>\n<h5 style=\"margin-top:10px;\">Certains ont voulu voir, dans ce d\u00e9calage existant entre les signes qu&rsquo;utilise l&rsquo;astrologue et les constellations, une erreur \u00e9vidente de l&rsquo;astrologie moderne. Mais bien s\u00fbr l&rsquo;astrologue, sait que le zodiaque qu&rsquo;il utilise, appel\u00e9 zodiaque tropique, a une valeur enti\u00e8rement symbolique et se diff\u00e9rencie totalement du zodiaque des constellations. Il y a bien deux zodiaques, l&rsquo;un fixe et l&rsquo;autre entra\u00een\u00e9 par le mouvement pr\u00e9cessionnel et si, 2 000 ans auparavant il y a eu co\u00efncidence entre l&rsquo;\u00e9quinoxe de printemps et le d\u00e9but de la constellation du B\u00e9lier, entre le signe du B\u00e9lier et la constellation qui lui fait \u00e9cho, cela ne veut pas dire que c&rsquo;est la constellation qui, de par son influence, a donn\u00e9 ses caract\u00e9ristiques \u00e0 ce signe, \u00e0 ce moment de l&rsquo;ann\u00e9e. D&rsquo;ailleurs, l&rsquo;astrologie ne remonte-t-elle pas \u00e0 plus de 2 000 ans ?<\/h5>\n<h5 style=\"margin-top:10px;\">Et puis il faut bien r\u00e9fl\u00e9chir au fait que les constellations, telles qu&rsquo;on les observe dans le Ciel, ont toutes des tailles tr\u00e8s in\u00e9gales. Il a donc fallu l&rsquo;esprit d&rsquo;abstraction humain pour les diviser en douze parties semblables tout au long de la route solaire. C&rsquo;est ce m\u00eame esprit d&rsquo;abstraction, ce m\u00eame \u00e9lan \u00e0 projeter ses d\u00e9sirs vers le monde ext\u00e9rieur, \u00e0 int\u00e9grer sa vision symbolique dans la repr\u00e9sentation de l&rsquo;univers, qui ont motiv\u00e9 l&rsquo;homme \u00e0 cr\u00e9er le zodiaque tropique, rep\u00e8re symbolique pour un monde spirituel. Regardez une carte d&rsquo;\u00e9toiles compl\u00e8te, vous comprendrez tout de suite que, pour dessiner les constellations telles qu&rsquo;on les conna\u00eet maintenant et leur donner un nom, il a fallu une volont\u00e9, une intention, plus que la simple constatation d&rsquo;une r\u00e9alit\u00e9 objective ! Ce zodiaque n&rsquo;a pas \u00e9t\u00e9 \u00e9difi\u00e9 d&rsquo;apr\u00e8s l&rsquo;observation des \u00e9toiles mais d&rsquo;apr\u00e8s l&rsquo;observation humaine et se r\u00e9f\u00e8re \u00e0 des v\u00e9rit\u00e9s m\u00e9taphysiques. Zodiaque int\u00e9rieur, de la psych\u00e9 humaine, il trouve son pendant cosmique dans le zodiaque sid\u00e9ral que l&rsquo;astrologue prend en comptes seulement pour l&rsquo;\u00e9tude des grands mouvements de civilisations, les faits mat\u00e9riels ou psychiques englobant l&rsquo;ensemble de l&rsquo;humanit\u00e9.<\/h5>\n<h5 style=\"margin-top:10px;\">Le point vernal met 2 160 ans environ (1\u00b0 tout les 72 ans) pour accomplir, en sens inverse du mouvement terrestre, la travers\u00e9e d&rsquo;une constellation. Chaque travers\u00e9e d\u00e9termine sur la terre ce que l&rsquo;on appelle une nouvelle \u00e8re. Nous venons d&rsquo;achever l&rsquo;\u00e8re des Poissons, nous entrons dans l&rsquo;\u00e8re du Verseau. Chaque \u00e8re se trouve marqu\u00e9e au sceau de la constellation travers\u00e9e par l&rsquo;\u00e9quinoxe, elle en re\u00e7oit la signature symbolique. Les constellations ont la m\u00eame signification que les signes qui leur correspondent.<\/h5>\n","protected":false},"excerpt":{"rendered":"<p>La pr\u00e9cession des \u00e9quinoxes est un ph\u00e9nom\u00e8ne tr\u00e8s important, dont l&rsquo;origine a \u00e9t\u00e9 mise en lumi\u00e8re par Newton (1643-1727). Les forces, exerc\u00e9es sur le bourelet \u00e9quatorial terrestre, occasionnent des variations dans l&rsquo;axe de rotation de la Terre et subs\u00e9quemment sur l&rsquo;angle que fait l&rsquo;\u00e9quateur avec l&rsquo;\u00e9cliptique. Ceci a pour r\u00e9sultat l&rsquo;avance du moment de l&rsquo;\u00e9quinoxe,  [&#8230;]<\/p>\n","protected":false},"author":1,"featured_media":0,"parent":0,"menu_order":0,"comment_status":"open","ping_status":"open","template":"","meta":{"footnotes":""},"class_list":["post-1648","page","type-page","status-publish","hentry"],"yoast_head":"<!-- This site is optimized with the Yoast SEO plugin v27.3 - https:\/\/yoast.com\/product\/yoast-seo-wordpress\/ -->\n<title>Pr\u00e9cession des \u00e9quinoxes - creastro<\/title>\n<meta name=\"robots\" content=\"index, follow, max-snippet:-1, max-image-preview:large, max-video-preview:-1\" \/>\n<link rel=\"canonical\" href=\"https:\/\/www.creastro.fr\/WP\/precession-des-equinoxes\/\" \/>\n<meta property=\"og:locale\" content=\"fr_FR\" \/>\n<meta property=\"og:type\" content=\"article\" \/>\n<meta property=\"og:title\" content=\"Pr\u00e9cession des \u00e9quinoxes - creastro\" \/>\n<meta property=\"og:description\" content=\"La pr\u00e9cession des \u00e9quinoxes est un ph\u00e9nom\u00e8ne tr\u00e8s important, dont l&rsquo;origine a \u00e9t\u00e9 mise en lumi\u00e8re par Newton (1643-1727). Les forces, exerc\u00e9es sur le bourelet \u00e9quatorial terrestre, occasionnent des variations dans l&rsquo;axe de rotation de la Terre et subs\u00e9quemment sur l&rsquo;angle que fait l&rsquo;\u00e9quateur avec l&rsquo;\u00e9cliptique. Ceci a pour r\u00e9sultat l&rsquo;avance du moment de l&rsquo;\u00e9quinoxe, [...]\" \/>\n<meta property=\"og:url\" content=\"https:\/\/www.creastro.fr\/WP\/precession-des-equinoxes\/\" \/>\n<meta property=\"og:site_name\" content=\"creastro\" \/>\n<meta property=\"article:modified_time\" content=\"2018-09-22T10:37:52+00:00\" \/>\n<meta name=\"twitter:card\" content=\"summary_large_image\" \/>\n<meta name=\"twitter:label1\" content=\"Dur\u00e9e de lecture estim\u00e9e\" \/>\n\t<meta name=\"twitter:data1\" content=\"3 minutes\" \/>\n<script type=\"application\/ld+json\" class=\"yoast-schema-graph\">{\"@context\":\"https:\\\/\\\/schema.org\",\"@graph\":[{\"@type\":\"WebPage\",\"@id\":\"https:\\\/\\\/www.creastro.fr\\\/WP\\\/precession-des-equinoxes\\\/\",\"url\":\"https:\\\/\\\/www.creastro.fr\\\/WP\\\/precession-des-equinoxes\\\/\",\"name\":\"Pr\u00e9cession des \u00e9quinoxes - creastro\",\"isPartOf\":{\"@id\":\"https:\\\/\\\/www.creastro.fr\\\/WP\\\/#website\"},\"datePublished\":\"2016-02-06T23:55:09+00:00\",\"dateModified\":\"2018-09-22T10:37:52+00:00\",\"breadcrumb\":{\"@id\":\"https:\\\/\\\/www.creastro.fr\\\/WP\\\/precession-des-equinoxes\\\/#breadcrumb\"},\"inLanguage\":\"fr-FR\",\"potentialAction\":[{\"@type\":\"ReadAction\",\"target\":[\"https:\\\/\\\/www.creastro.fr\\\/WP\\\/precession-des-equinoxes\\\/\"]}]},{\"@type\":\"BreadcrumbList\",\"@id\":\"https:\\\/\\\/www.creastro.fr\\\/WP\\\/precession-des-equinoxes\\\/#breadcrumb\",\"itemListElement\":[{\"@type\":\"ListItem\",\"position\":1,\"name\":\"Accueil\",\"item\":\"https:\\\/\\\/www.creastro.fr\\\/WP\\\/\"},{\"@type\":\"ListItem\",\"position\":2,\"name\":\"Pr\u00e9cession des \u00e9quinoxes\"}]},{\"@type\":\"WebSite\",\"@id\":\"https:\\\/\\\/www.creastro.fr\\\/WP\\\/#website\",\"url\":\"https:\\\/\\\/www.creastro.fr\\\/WP\\\/\",\"name\":\"creastro\",\"description\":\"L&#039;astrologie comme outil de connaissance de soi, participe \u00e0 mettre l&#039;\u00catre debout dans l&#039;univers\u2026\",\"potentialAction\":[{\"@type\":\"SearchAction\",\"target\":{\"@type\":\"EntryPoint\",\"urlTemplate\":\"https:\\\/\\\/www.creastro.fr\\\/WP\\\/?s={search_term_string}\"},\"query-input\":{\"@type\":\"PropertyValueSpecification\",\"valueRequired\":true,\"valueName\":\"search_term_string\"}}],\"inLanguage\":\"fr-FR\"}]}<\/script>\n<!-- \/ Yoast SEO plugin. -->","yoast_head_json":{"title":"Pr\u00e9cession des \u00e9quinoxes - creastro","robots":{"index":"index","follow":"follow","max-snippet":"max-snippet:-1","max-image-preview":"max-image-preview:large","max-video-preview":"max-video-preview:-1"},"canonical":"https:\/\/www.creastro.fr\/WP\/precession-des-equinoxes\/","og_locale":"fr_FR","og_type":"article","og_title":"Pr\u00e9cession des \u00e9quinoxes - creastro","og_description":"La pr\u00e9cession des \u00e9quinoxes est un ph\u00e9nom\u00e8ne tr\u00e8s important, dont l&rsquo;origine a \u00e9t\u00e9 mise en lumi\u00e8re par Newton (1643-1727). Les forces, exerc\u00e9es sur le bourelet \u00e9quatorial terrestre, occasionnent des variations dans l&rsquo;axe de rotation de la Terre et subs\u00e9quemment sur l&rsquo;angle que fait l&rsquo;\u00e9quateur avec l&rsquo;\u00e9cliptique. Ceci a pour r\u00e9sultat l&rsquo;avance du moment de l&rsquo;\u00e9quinoxe, [...]","og_url":"https:\/\/www.creastro.fr\/WP\/precession-des-equinoxes\/","og_site_name":"creastro","article_modified_time":"2018-09-22T10:37:52+00:00","twitter_card":"summary_large_image","twitter_misc":{"Dur\u00e9e de lecture estim\u00e9e":"3 minutes"},"schema":{"@context":"https:\/\/schema.org","@graph":[{"@type":"WebPage","@id":"https:\/\/www.creastro.fr\/WP\/precession-des-equinoxes\/","url":"https:\/\/www.creastro.fr\/WP\/precession-des-equinoxes\/","name":"Pr\u00e9cession des \u00e9quinoxes - creastro","isPartOf":{"@id":"https:\/\/www.creastro.fr\/WP\/#website"},"datePublished":"2016-02-06T23:55:09+00:00","dateModified":"2018-09-22T10:37:52+00:00","breadcrumb":{"@id":"https:\/\/www.creastro.fr\/WP\/precession-des-equinoxes\/#breadcrumb"},"inLanguage":"fr-FR","potentialAction":[{"@type":"ReadAction","target":["https:\/\/www.creastro.fr\/WP\/precession-des-equinoxes\/"]}]},{"@type":"BreadcrumbList","@id":"https:\/\/www.creastro.fr\/WP\/precession-des-equinoxes\/#breadcrumb","itemListElement":[{"@type":"ListItem","position":1,"name":"Accueil","item":"https:\/\/www.creastro.fr\/WP\/"},{"@type":"ListItem","position":2,"name":"Pr\u00e9cession des \u00e9quinoxes"}]},{"@type":"WebSite","@id":"https:\/\/www.creastro.fr\/WP\/#website","url":"https:\/\/www.creastro.fr\/WP\/","name":"creastro","description":"L&#039;astrologie comme outil de connaissance de soi, participe \u00e0 mettre l&#039;\u00catre debout dans l&#039;univers\u2026","potentialAction":[{"@type":"SearchAction","target":{"@type":"EntryPoint","urlTemplate":"https:\/\/www.creastro.fr\/WP\/?s={search_term_string}"},"query-input":{"@type":"PropertyValueSpecification","valueRequired":true,"valueName":"search_term_string"}}],"inLanguage":"fr-FR"}]}},"_links":{"self":[{"href":"https:\/\/www.creastro.fr\/WP\/wp-json\/wp\/v2\/pages\/1648","targetHints":{"allow":["GET"]}}],"collection":[{"href":"https:\/\/www.creastro.fr\/WP\/wp-json\/wp\/v2\/pages"}],"about":[{"href":"https:\/\/www.creastro.fr\/WP\/wp-json\/wp\/v2\/types\/page"}],"author":[{"embeddable":true,"href":"https:\/\/www.creastro.fr\/WP\/wp-json\/wp\/v2\/users\/1"}],"replies":[{"embeddable":true,"href":"https:\/\/www.creastro.fr\/WP\/wp-json\/wp\/v2\/comments?post=1648"}],"version-history":[{"count":0,"href":"https:\/\/www.creastro.fr\/WP\/wp-json\/wp\/v2\/pages\/1648\/revisions"}],"wp:attachment":[{"href":"https:\/\/www.creastro.fr\/WP\/wp-json\/wp\/v2\/media?parent=1648"}],"curies":[{"name":"wp","href":"https:\/\/api.w.org\/{rel}","templated":true}]}}